{"id":1578,"date":"2021-09-18T13:37:04","date_gmt":"2021-09-18T13:37:04","guid":{"rendered":"https:\/\/v2.ihr-redner.at\/?page_id=1578"},"modified":"2024-01-30T14:24:27","modified_gmt":"2024-01-30T14:24:27","slug":"ueber-mich","status":"publish","type":"page","link":"https:\/\/ihr-redner.at\/index.php\/ueber-mich\/","title":{"rendered":"\u00dcber mich"},"content":{"rendered":"\n<h1 class=\"wp-block-heading alignwide has-text-align-center\">\u00dcBER MICH<br><br><\/h1>\n\n\n\n<div class=\"wp-block-group\"><div class=\"wp-block-group__inner-container is-layout-flow wp-block-group-is-layout-flow\">\n<div class=\"wp-block-columns is-layout-flex wp-container-core-columns-is-layout-9d6595d7 wp-block-columns-is-layout-flex\">\n<div class=\"wp-block-column is-layout-flow wp-block-column-is-layout-flow\"><div class=\"wp-block-image is-style-rounded\">\n<figure class=\"aligncenter size-medium is-resized\"><img loading=\"lazy\" decoding=\"async\" width=\"225\" height=\"300\" src=\"https:\/\/ihr-redner.at\/wp-content\/uploads\/2021\/09\/2-1-225x300.jpg\" alt=\"\" class=\"wp-image-1771\" style=\"width:169px;height:225px\" srcset=\"https:\/\/ihr-redner.at\/wp-content\/uploads\/2021\/09\/2-1-225x300.jpg 225w, https:\/\/ihr-redner.at\/wp-content\/uploads\/2021\/09\/2-1-768x1024.jpg 768w, https:\/\/ihr-redner.at\/wp-content\/uploads\/2021\/09\/2-1-1152x1536.jpg 1152w, https:\/\/ihr-redner.at\/wp-content\/uploads\/2021\/09\/2-1-1536x2048.jpg 1536w, https:\/\/ihr-redner.at\/wp-content\/uploads\/2021\/09\/2-1-scaled.jpg 1920w\" sizes=\"auto, (max-width: 225px) 100vw, 225px\" \/><\/figure>\n<\/div><\/div>\n<\/div>\n<\/div><\/div>\n\n\n\n<p class=\"has-text-align-center has-black-color has-text-color\" style=\"font-size:18px\">Ich bin seit 40 Jahren gl\u00fccklich verheiratet, stolzer Vater von 2 T\u00f6chtern und Opa von 2 tollen Jungs.<br><br><strong>Bei meinen Reden steht das Pers\u00f6nliche immer im Mittelpunkt, umgesetzt mit viel Wertsch\u00e4tzung und Empathie.<\/strong><br><br>Mit meiner langj\u00e4hrigen Erfahrung von \u00fcber 700 Reden unterst\u00fctze ich sie nat\u00fcrlich auch bei der gesamten Planung.<br><br>Und doch ist jede neue Zeremonie wieder eine individuelle Herausforderung, stets mit dem Ziel alle ihre W\u00fcnsche zu erf\u00fcllen und mit ihnen gemeinsam ihre Pl\u00e4ne umzusetzen.<br><br>Ich bin auch gerne ihr Ruhepol und stehe ihnen jederzeit mit Rat und Tat zur Seite.<br><br>Letztendlich f\u00fchre ich sie mit meiner angenehmen, tiefen Stimme durch ihre Feier und schenke ihnen und ihren G\u00e4sten unvergessliche Momente.<br><\/p>\n","protected":false},"excerpt":{"rendered":"<p>\u00dcBER MICH Ich bin seit 40 Jahren gl\u00fccklich verheiratet, stolzer Vater von 2 T\u00f6chtern und Opa von 2 tollen Jungs. Bei meinen Reden steht das Pers\u00f6nliche immer im Mittelpunkt, umgesetzt &#8230;<\/p>\n","protected":false},"author":1,"featured_media":0,"parent":0,"menu_order":0,"comment_status":"closed","ping_status":"closed","template":"","meta":{"footnotes":""},"class_list":["post-1578","page","type-page","status-publish","hentry"],"yoast_head":"<!-- This site is optimized with the Yoast SEO plugin v26.6 - https:\/\/yoast.com\/wordpress\/plugins\/seo\/ -->\n<title>Freie Trauung, Heiraten, Hochzeit, Trauredner, Hochzeitsredner, Erneuerung des Eheversprechens, Willkommensfeier, Freie Hochzeitszermonie, Freier Redner<\/title>\n<meta name=\"description\" content=\"Freie Trauung, Heiraten, Hochzeit, Trauredner, Hochzeitsredner, Erneuerung des Eheversprechens, Willkommensfeier, Freie Hochzeitszermonie, Freier Redner\" \/>\n<meta name=\"robots\" content=\"index, follow, max-snippet:-1, max-image-preview:large, max-video-preview:-1\" \/>\n<link rel=\"canonical\" href=\"https:\/\/ihr-redner.at\/index.php\/ueber-mich\/\" \/>\n<meta property=\"og:locale\" content=\"de_DE\" \/>\n<meta property=\"og:type\" content=\"article\" \/>\n<meta property=\"og:title\" content=\"Freie Trauung, Heiraten, Hochzeit, Trauredner, Hochzeitsredner, Erneuerung des Eheversprechens, Willkommensfeier, Freie Hochzeitszermonie, Freier Redner\" \/>\n<meta property=\"og:description\" content=\"Freie Trauung, Heiraten, Hochzeit, Trauredner, Hochzeitsredner, Erneuerung des Eheversprechens, Willkommensfeier, Freie Hochzeitszermonie, Freier Redner\" \/>\n<meta property=\"og:url\" content=\"https:\/\/ihr-redner.at\/index.php\/ueber-mich\/\" \/>\n<meta property=\"og:site_name\" content=\"Ihr Redner - Erwin Eisenschin\" \/>\n<meta property=\"article:publisher\" content=\"https:\/\/www.facebook.com\/ihrredner\" \/>\n<meta property=\"article:modified_time\" content=\"2024-01-30T14:24:27+00:00\" \/>\n<meta property=\"og:image\" content=\"https:\/\/ihr-redner.at\/wp-content\/uploads\/2021\/09\/2-1-scaled.jpg\" \/>\n\t<meta property=\"og:image:width\" content=\"1920\" \/>\n\t<meta property=\"og:image:height\" content=\"2560\" \/>\n\t<meta property=\"og:image:type\" content=\"image\/jpeg\" \/>\n<meta name=\"twitter:card\" content=\"summary_large_image\" \/>\n<meta name=\"twitter:label1\" content=\"Gesch\u00e4tzte Lesezeit\" \/>\n\t<meta name=\"twitter:data1\" content=\"1\u00a0Minute\" \/>\n<script type=\"application\/ld+json\" class=\"yoast-schema-graph\">{\"@context\":\"https:\/\/schema.org\",\"@graph\":[{\"@type\":\"WebPage\",\"@id\":\"https:\/\/ihr-redner.at\/index.php\/ueber-mich\/\",\"url\":\"https:\/\/ihr-redner.at\/index.php\/ueber-mich\/\",\"name\":\"Freie Trauung, Heiraten, Hochzeit, Trauredner, Hochzeitsredner, Erneuerung des Eheversprechens, Willkommensfeier, Freie Hochzeitszermonie, Freier Redner\",\"isPartOf\":{\"@id\":\"https:\/\/ihr-redner.at\/#website\"},\"primaryImageOfPage\":{\"@id\":\"https:\/\/ihr-redner.at\/index.php\/ueber-mich\/#primaryimage\"},\"image\":{\"@id\":\"https:\/\/ihr-redner.at\/index.php\/ueber-mich\/#primaryimage\"},\"thumbnailUrl\":\"https:\/\/ihr-redner.at\/wp-content\/uploads\/2021\/09\/2-1-225x300.jpg\",\"datePublished\":\"2021-09-18T13:37:04+00:00\",\"dateModified\":\"2024-01-30T14:24:27+00:00\",\"description\":\"Freie Trauung, Heiraten, Hochzeit, Trauredner, Hochzeitsredner, Erneuerung des Eheversprechens, Willkommensfeier, Freie Hochzeitszermonie, Freier Redner\",\"breadcrumb\":{\"@id\":\"https:\/\/ihr-redner.at\/index.php\/ueber-mich\/#breadcrumb\"},\"inLanguage\":\"de\",\"potentialAction\":[{\"@type\":\"ReadAction\",\"target\":[\"https:\/\/ihr-redner.at\/index.php\/ueber-mich\/\"]}]},{\"@type\":\"ImageObject\",\"inLanguage\":\"de\",\"@id\":\"https:\/\/ihr-redner.at\/index.php\/ueber-mich\/#primaryimage\",\"url\":\"https:\/\/ihr-redner.at\/wp-content\/uploads\/2021\/09\/2-1-scaled.jpg\",\"contentUrl\":\"https:\/\/ihr-redner.at\/wp-content\/uploads\/2021\/09\/2-1-scaled.jpg\",\"width\":1920,\"height\":2560},{\"@type\":\"BreadcrumbList\",\"@id\":\"https:\/\/ihr-redner.at\/index.php\/ueber-mich\/#breadcrumb\",\"itemListElement\":[{\"@type\":\"ListItem\",\"position\":1,\"name\":\"Startseite\",\"item\":\"https:\/\/ihr-redner.at\/\"},{\"@type\":\"ListItem\",\"position\":2,\"name\":\"\u00dcber mich\"}]},{\"@type\":\"WebSite\",\"@id\":\"https:\/\/ihr-redner.at\/#website\",\"url\":\"https:\/\/ihr-redner.at\/\",\"name\":\"Ihr Redner - Erwin Eisenschin\",\"description\":\"Freie Trauung, Heiraten, Hochzeit, Trauredner, Hochzeitsredner, Erneuerung des Eheversprechens, Willkommensfeier, Freie Hochzeitszermonie, Freier Redner\",\"publisher\":{\"@id\":\"https:\/\/ihr-redner.at\/#organization\"},\"alternateName\":\"Freie Trauung, Heiraten, Hochzeit, Trauredner, Hochzeitsredner, Erneuerung des Eheversprechens, Willkommensfeier, Freie Hochzeitszermonie, Freier Redner\",\"potentialAction\":[{\"@type\":\"SearchAction\",\"target\":{\"@type\":\"EntryPoint\",\"urlTemplate\":\"https:\/\/ihr-redner.at\/?s={search_term_string}\"},\"query-input\":{\"@type\":\"PropertyValueSpecification\",\"valueRequired\":true,\"valueName\":\"search_term_string\"}}],\"inLanguage\":\"de\"},{\"@type\":\"Organization\",\"@id\":\"https:\/\/ihr-redner.at\/#organization\",\"name\":\"Ihr Redner - Erwin Eisenschin\",\"url\":\"https:\/\/ihr-redner.at\/\",\"logo\":{\"@type\":\"ImageObject\",\"inLanguage\":\"de\",\"@id\":\"https:\/\/ihr-redner.at\/#\/schema\/logo\/image\/\",\"url\":\"https:\/\/ihr-redner.at\/wp-content\/uploads\/2021\/10\/mstile-310x310-1.png\",\"contentUrl\":\"https:\/\/ihr-redner.at\/wp-content\/uploads\/2021\/10\/mstile-310x310-1.png\",\"width\":310,\"height\":310,\"caption\":\"Ihr Redner - Erwin Eisenschin\"},\"image\":{\"@id\":\"https:\/\/ihr-redner.at\/#\/schema\/logo\/image\/\"},\"sameAs\":[\"https:\/\/www.facebook.com\/ihrredner\",\"https:\/\/www.youtube.com\/channel\/UCYlEtcoCTppm_l7bnd35FFQ\/featured\",\"https:\/\/www.instagram.com\/ihr_redner_erwin_eisenschin\/?hl=de\"]}]}<\/script>\n<!-- \/ Yoast SEO plugin. -->","yoast_head_json":{"title":"Freie Trauung, Heiraten, Hochzeit, Trauredner, Hochzeitsredner, Erneuerung des Eheversprechens, Willkommensfeier, Freie Hochzeitszermonie, Freier Redner","description":"Freie Trauung, Heiraten, Hochzeit, Trauredner, Hochzeitsredner, Erneuerung des Eheversprechens, Willkommensfeier, Freie Hochzeitszermonie, Freier Redner","robots":{"index":"index","follow":"follow","max-snippet":"max-snippet:-1","max-image-preview":"max-image-preview:large","max-video-preview":"max-video-preview:-1"},"canonical":"https:\/\/ihr-redner.at\/index.php\/ueber-mich\/","og_locale":"de_DE","og_type":"article","og_title":"Freie Trauung, Heiraten, Hochzeit, Trauredner, Hochzeitsredner, Erneuerung des Eheversprechens, Willkommensfeier, Freie Hochzeitszermonie, Freier Redner","og_description":"Freie Trauung, Heiraten, Hochzeit, Trauredner, Hochzeitsredner, Erneuerung des Eheversprechens, Willkommensfeier, Freie Hochzeitszermonie, Freier Redner","og_url":"https:\/\/ihr-redner.at\/index.php\/ueber-mich\/","og_site_name":"Ihr Redner - Erwin Eisenschin","article_publisher":"https:\/\/www.facebook.com\/ihrredner","article_modified_time":"2024-01-30T14:24:27+00:00","og_image":[{"width":1920,"height":2560,"url":"https:\/\/ihr-redner.at\/wp-content\/uploads\/2021\/09\/2-1-scaled.jpg","type":"image\/jpeg"}],"twitter_card":"summary_large_image","twitter_misc":{"Gesch\u00e4tzte Lesezeit":"1\u00a0Minute"},"schema":{"@context":"https:\/\/schema.org","@graph":[{"@type":"WebPage","@id":"https:\/\/ihr-redner.at\/index.php\/ueber-mich\/","url":"https:\/\/ihr-redner.at\/index.php\/ueber-mich\/","name":"Freie Trauung, Heiraten, Hochzeit, Trauredner, Hochzeitsredner, Erneuerung des Eheversprechens, Willkommensfeier, Freie Hochzeitszermonie, Freier Redner","isPartOf":{"@id":"https:\/\/ihr-redner.at\/#website"},"primaryImageOfPage":{"@id":"https:\/\/ihr-redner.at\/index.php\/ueber-mich\/#primaryimage"},"image":{"@id":"https:\/\/ihr-redner.at\/index.php\/ueber-mich\/#primaryimage"},"thumbnailUrl":"https:\/\/ihr-redner.at\/wp-content\/uploads\/2021\/09\/2-1-225x300.jpg","datePublished":"2021-09-18T13:37:04+00:00","dateModified":"2024-01-30T14:24:27+00:00","description":"Freie Trauung, Heiraten, Hochzeit, Trauredner, Hochzeitsredner, Erneuerung des Eheversprechens, Willkommensfeier, Freie Hochzeitszermonie, Freier Redner","breadcrumb":{"@id":"https:\/\/ihr-redner.at\/index.php\/ueber-mich\/#breadcrumb"},"inLanguage":"de","potentialAction":[{"@type":"ReadAction","target":["https:\/\/ihr-redner.at\/index.php\/ueber-mich\/"]}]},{"@type":"ImageObject","inLanguage":"de","@id":"https:\/\/ihr-redner.at\/index.php\/ueber-mich\/#primaryimage","url":"https:\/\/ihr-redner.at\/wp-content\/uploads\/2021\/09\/2-1-scaled.jpg","contentUrl":"https:\/\/ihr-redner.at\/wp-content\/uploads\/2021\/09\/2-1-scaled.jpg","width":1920,"height":2560},{"@type":"BreadcrumbList","@id":"https:\/\/ihr-redner.at\/index.php\/ueber-mich\/#breadcrumb","itemListElement":[{"@type":"ListItem","position":1,"name":"Startseite","item":"https:\/\/ihr-redner.at\/"},{"@type":"ListItem","position":2,"name":"\u00dcber mich"}]},{"@type":"WebSite","@id":"https:\/\/ihr-redner.at\/#website","url":"https:\/\/ihr-redner.at\/","name":"Ihr Redner - Erwin Eisenschin","description":"Freie Trauung, Heiraten, Hochzeit, Trauredner, Hochzeitsredner, Erneuerung des Eheversprechens, Willkommensfeier, Freie Hochzeitszermonie, Freier Redner","publisher":{"@id":"https:\/\/ihr-redner.at\/#organization"},"alternateName":"Freie Trauung, Heiraten, Hochzeit, Trauredner, Hochzeitsredner, Erneuerung des Eheversprechens, Willkommensfeier, Freie Hochzeitszermonie, Freier Redner","potentialAction":[{"@type":"SearchAction","target":{"@type":"EntryPoint","urlTemplate":"https:\/\/ihr-redner.at\/?s={search_term_string}"},"query-input":{"@type":"PropertyValueSpecification","valueRequired":true,"valueName":"search_term_string"}}],"inLanguage":"de"},{"@type":"Organization","@id":"https:\/\/ihr-redner.at\/#organization","name":"Ihr Redner - Erwin Eisenschin","url":"https:\/\/ihr-redner.at\/","logo":{"@type":"ImageObject","inLanguage":"de","@id":"https:\/\/ihr-redner.at\/#\/schema\/logo\/image\/","url":"https:\/\/ihr-redner.at\/wp-content\/uploads\/2021\/10\/mstile-310x310-1.png","contentUrl":"https:\/\/ihr-redner.at\/wp-content\/uploads\/2021\/10\/mstile-310x310-1.png","width":310,"height":310,"caption":"Ihr Redner - Erwin Eisenschin"},"image":{"@id":"https:\/\/ihr-redner.at\/#\/schema\/logo\/image\/"},"sameAs":["https:\/\/www.facebook.com\/ihrredner","https:\/\/www.youtube.com\/channel\/UCYlEtcoCTppm_l7bnd35FFQ\/featured","https:\/\/www.instagram.com\/ihr_redner_erwin_eisenschin\/?hl=de"]}]}},"_links":{"self":[{"href":"https:\/\/ihr-redner.at\/index.php\/wp-json\/wp\/v2\/pages\/1578","targetHints":{"allow":["GET"]}}],"collection":[{"href":"https:\/\/ihr-redner.at\/index.php\/wp-json\/wp\/v2\/pages"}],"about":[{"href":"https:\/\/ihr-redner.at\/index.php\/wp-json\/wp\/v2\/types\/page"}],"author":[{"embeddable":true,"href":"https:\/\/ihr-redner.at\/index.php\/wp-json\/wp\/v2\/users\/1"}],"replies":[{"embeddable":true,"href":"https:\/\/ihr-redner.at\/index.php\/wp-json\/wp\/v2\/comments?post=1578"}],"version-history":[{"count":38,"href":"https:\/\/ihr-redner.at\/index.php\/wp-json\/wp\/v2\/pages\/1578\/revisions"}],"predecessor-version":[{"id":2576,"href":"https:\/\/ihr-redner.at\/index.php\/wp-json\/wp\/v2\/pages\/1578\/revisions\/2576"}],"wp:attachment":[{"href":"https:\/\/ihr-redner.at\/index.php\/wp-json\/wp\/v2\/media?parent=1578"}],"curies":[{"name":"wp","href":"https:\/\/api.w.org\/{rel}","templated":true}]}}