{"id":1527,"date":"2021-09-05T06:50:01","date_gmt":"2021-09-05T06:50:01","guid":{"rendered":"https:\/\/v2.ihr-redner.at\/?page_id=1527"},"modified":"2021-10-15T08:15:24","modified_gmt":"2021-10-15T08:15:24","slug":"home-2","status":"publish","type":"page","link":"https:\/\/ihr-redner.at\/index.php\/home-2\/","title":{"rendered":"Intro"},"content":{"rendered":"\n<p class=\"has-text-align-center has-black-color has-text-color\" style=\"font-size:18px\"><strong>Sie sind\u00a0auf der Suche\u00a0nach einer auf sie pers\u00f6nlich zugeschnittenen Rede?<\/strong><br><strong>Ihre Feier soll individuell und besonders sein?\u00a0<\/strong><br><strong>Dann sind sie bei mir genau richtig.<\/strong><br><br>Denn jeder Mensch\u00a0bzw. jede Beziehung\u00a0ist einzigartig und hat eine eigene Geschichte.\u00a0<br><br>Diese erwecke ich mit den richtigen Worten zum Leben, wenn m\u00f6glich auch mit dem bekannten G\u00e4nsehautmoment.<br><br>F\u00fcr jede erfolgreiche Zusammenarbeit ist die gegenseitige Sympathie entscheidend.<br>Daher biete ich auch stets ein unverbindliches Treffen zum Kennenlernen an.<br><br>Ich unterst\u00fctze sie mit meiner Erfahrung und f\u00fchre sie dann mit einer perfekt auf sie abgestimmten Rede mit meiner Ruhe und\u00a0meiner angenehmen, tiefen Stimme durch ihr Fest.<br><br>Pers\u00f6nlich, feierlich und wenn passend humorvoll.<br><br><strong>Es w\u00fcrde mich sehr freuen sie und ihre Geschichte n\u00e4her kennenzulernen.<\/strong><\/p>\n\n\n\n<p class=\"has-text-align-center has-black-color has-text-color\" style=\"font-size:18px\"><\/p>\n","protected":false},"excerpt":{"rendered":"<p>Sie sind\u00a0auf der Suche\u00a0nach einer auf sie pers\u00f6nlich zugeschnittenen Rede?Ihre Feier soll individuell und besonders sein?\u00a0Dann sind sie bei mir genau richtig. Denn jeder Mensch\u00a0bzw. jede Beziehung\u00a0ist einzigartig und hat &#8230;<\/p>\n","protected":false},"author":1,"featured_media":0,"parent":0,"menu_order":0,"comment_status":"closed","ping_status":"closed","template":"","meta":{"footnotes":""},"class_list":["post-1527","page","type-page","status-publish","hentry"],"yoast_head":"<!-- This site is optimized with the Yoast SEO plugin v26.6 - https:\/\/yoast.com\/wordpress\/plugins\/seo\/ -->\n<title>Freie Trauung, Heiraten, Hochzeit, Trauredner, Hochzeitsredner, Erneuerung des Eheversprechens, Willkommensfeier, Freie Hochzeitszermonie, Freier Redner<\/title>\n<meta name=\"description\" content=\"Freie Trauung, Heiraten, Hochzeit, Trauredner, Hochzeitsredner, Erneuerung des Eheversprechens, Willkommensfeier, Freie Hochzeitszermonie, Freier Redner\" \/>\n<meta name=\"robots\" content=\"index, follow, max-snippet:-1, max-image-preview:large, max-video-preview:-1\" \/>\n<link rel=\"canonical\" href=\"https:\/\/ihr-redner.at\/index.php\/home-2\/\" \/>\n<meta property=\"og:locale\" content=\"de_DE\" \/>\n<meta property=\"og:type\" content=\"article\" \/>\n<meta property=\"og:title\" content=\"Freie Trauung, Heiraten, Hochzeit, Trauredner, Hochzeitsredner, Erneuerung des Eheversprechens, Willkommensfeier, Freie Hochzeitszermonie, Freier Redner\" \/>\n<meta property=\"og:description\" content=\"Freie Trauung, Heiraten, Hochzeit, Trauredner, Hochzeitsredner, Erneuerung des Eheversprechens, Willkommensfeier, Freie Hochzeitszermonie, Freier Redner\" \/>\n<meta property=\"og:url\" content=\"https:\/\/ihr-redner.at\/index.php\/home-2\/\" \/>\n<meta property=\"og:site_name\" content=\"Ihr Redner - Erwin Eisenschin\" \/>\n<meta property=\"article:publisher\" content=\"https:\/\/www.facebook.com\/ihrredner\" \/>\n<meta property=\"article:modified_time\" content=\"2021-10-15T08:15:24+00:00\" \/>\n<meta name=\"twitter:card\" content=\"summary_large_image\" \/>\n<meta name=\"twitter:label1\" content=\"Gesch\u00e4tzte Lesezeit\" \/>\n\t<meta name=\"twitter:data1\" content=\"1\u00a0Minute\" \/>\n<script type=\"application\/ld+json\" class=\"yoast-schema-graph\">{\"@context\":\"https:\/\/schema.org\",\"@graph\":[{\"@type\":\"WebPage\",\"@id\":\"https:\/\/ihr-redner.at\/index.php\/home-2\/\",\"url\":\"https:\/\/ihr-redner.at\/index.php\/home-2\/\",\"name\":\"Freie Trauung, Heiraten, Hochzeit, Trauredner, Hochzeitsredner, Erneuerung des Eheversprechens, Willkommensfeier, Freie Hochzeitszermonie, Freier Redner\",\"isPartOf\":{\"@id\":\"https:\/\/ihr-redner.at\/#website\"},\"datePublished\":\"2021-09-05T06:50:01+00:00\",\"dateModified\":\"2021-10-15T08:15:24+00:00\",\"description\":\"Freie Trauung, Heiraten, Hochzeit, Trauredner, Hochzeitsredner, Erneuerung des Eheversprechens, Willkommensfeier, Freie Hochzeitszermonie, Freier Redner\",\"breadcrumb\":{\"@id\":\"https:\/\/ihr-redner.at\/index.php\/home-2\/#breadcrumb\"},\"inLanguage\":\"de\",\"potentialAction\":[{\"@type\":\"ReadAction\",\"target\":[\"https:\/\/ihr-redner.at\/index.php\/home-2\/\"]}]},{\"@type\":\"BreadcrumbList\",\"@id\":\"https:\/\/ihr-redner.at\/index.php\/home-2\/#breadcrumb\",\"itemListElement\":[{\"@type\":\"ListItem\",\"position\":1,\"name\":\"Startseite\",\"item\":\"https:\/\/ihr-redner.at\/\"},{\"@type\":\"ListItem\",\"position\":2,\"name\":\"Intro\"}]},{\"@type\":\"WebSite\",\"@id\":\"https:\/\/ihr-redner.at\/#website\",\"url\":\"https:\/\/ihr-redner.at\/\",\"name\":\"Ihr Redner - Erwin Eisenschin\",\"description\":\"Freie Trauung, Heiraten, Hochzeit, Trauredner, Hochzeitsredner, Erneuerung des Eheversprechens, Willkommensfeier, Freie Hochzeitszermonie, Freier Redner\",\"publisher\":{\"@id\":\"https:\/\/ihr-redner.at\/#organization\"},\"alternateName\":\"Freie Trauung, Heiraten, Hochzeit, Trauredner, Hochzeitsredner, Erneuerung des Eheversprechens, Willkommensfeier, Freie Hochzeitszermonie, Freier Redner\",\"potentialAction\":[{\"@type\":\"SearchAction\",\"target\":{\"@type\":\"EntryPoint\",\"urlTemplate\":\"https:\/\/ihr-redner.at\/?s={search_term_string}\"},\"query-input\":{\"@type\":\"PropertyValueSpecification\",\"valueRequired\":true,\"valueName\":\"search_term_string\"}}],\"inLanguage\":\"de\"},{\"@type\":\"Organization\",\"@id\":\"https:\/\/ihr-redner.at\/#organization\",\"name\":\"Ihr Redner - Erwin Eisenschin\",\"url\":\"https:\/\/ihr-redner.at\/\",\"logo\":{\"@type\":\"ImageObject\",\"inLanguage\":\"de\",\"@id\":\"https:\/\/ihr-redner.at\/#\/schema\/logo\/image\/\",\"url\":\"https:\/\/ihr-redner.at\/wp-content\/uploads\/2021\/10\/mstile-310x310-1.png\",\"contentUrl\":\"https:\/\/ihr-redner.at\/wp-content\/uploads\/2021\/10\/mstile-310x310-1.png\",\"width\":310,\"height\":310,\"caption\":\"Ihr Redner - Erwin Eisenschin\"},\"image\":{\"@id\":\"https:\/\/ihr-redner.at\/#\/schema\/logo\/image\/\"},\"sameAs\":[\"https:\/\/www.facebook.com\/ihrredner\",\"https:\/\/www.youtube.com\/channel\/UCYlEtcoCTppm_l7bnd35FFQ\/featured\",\"https:\/\/www.instagram.com\/ihr_redner_erwin_eisenschin\/?hl=de\"]}]}<\/script>\n<!-- \/ Yoast SEO plugin. -->","yoast_head_json":{"title":"Freie Trauung, Heiraten, Hochzeit, Trauredner, Hochzeitsredner, Erneuerung des Eheversprechens, Willkommensfeier, Freie Hochzeitszermonie, Freier Redner","description":"Freie Trauung, Heiraten, Hochzeit, Trauredner, Hochzeitsredner, Erneuerung des Eheversprechens, Willkommensfeier, Freie Hochzeitszermonie, Freier Redner","robots":{"index":"index","follow":"follow","max-snippet":"max-snippet:-1","max-image-preview":"max-image-preview:large","max-video-preview":"max-video-preview:-1"},"canonical":"https:\/\/ihr-redner.at\/index.php\/home-2\/","og_locale":"de_DE","og_type":"article","og_title":"Freie Trauung, Heiraten, Hochzeit, Trauredner, Hochzeitsredner, Erneuerung des Eheversprechens, Willkommensfeier, Freie Hochzeitszermonie, Freier Redner","og_description":"Freie Trauung, Heiraten, Hochzeit, Trauredner, Hochzeitsredner, Erneuerung des Eheversprechens, Willkommensfeier, Freie Hochzeitszermonie, Freier Redner","og_url":"https:\/\/ihr-redner.at\/index.php\/home-2\/","og_site_name":"Ihr Redner - Erwin Eisenschin","article_publisher":"https:\/\/www.facebook.com\/ihrredner","article_modified_time":"2021-10-15T08:15:24+00:00","twitter_card":"summary_large_image","twitter_misc":{"Gesch\u00e4tzte Lesezeit":"1\u00a0Minute"},"schema":{"@context":"https:\/\/schema.org","@graph":[{"@type":"WebPage","@id":"https:\/\/ihr-redner.at\/index.php\/home-2\/","url":"https:\/\/ihr-redner.at\/index.php\/home-2\/","name":"Freie Trauung, Heiraten, Hochzeit, Trauredner, Hochzeitsredner, Erneuerung des Eheversprechens, Willkommensfeier, Freie Hochzeitszermonie, Freier Redner","isPartOf":{"@id":"https:\/\/ihr-redner.at\/#website"},"datePublished":"2021-09-05T06:50:01+00:00","dateModified":"2021-10-15T08:15:24+00:00","description":"Freie Trauung, Heiraten, Hochzeit, Trauredner, Hochzeitsredner, Erneuerung des Eheversprechens, Willkommensfeier, Freie Hochzeitszermonie, Freier Redner","breadcrumb":{"@id":"https:\/\/ihr-redner.at\/index.php\/home-2\/#breadcrumb"},"inLanguage":"de","potentialAction":[{"@type":"ReadAction","target":["https:\/\/ihr-redner.at\/index.php\/home-2\/"]}]},{"@type":"BreadcrumbList","@id":"https:\/\/ihr-redner.at\/index.php\/home-2\/#breadcrumb","itemListElement":[{"@type":"ListItem","position":1,"name":"Startseite","item":"https:\/\/ihr-redner.at\/"},{"@type":"ListItem","position":2,"name":"Intro"}]},{"@type":"WebSite","@id":"https:\/\/ihr-redner.at\/#website","url":"https:\/\/ihr-redner.at\/","name":"Ihr Redner - Erwin Eisenschin","description":"Freie Trauung, Heiraten, Hochzeit, Trauredner, Hochzeitsredner, Erneuerung des Eheversprechens, Willkommensfeier, Freie Hochzeitszermonie, Freier Redner","publisher":{"@id":"https:\/\/ihr-redner.at\/#organization"},"alternateName":"Freie Trauung, Heiraten, Hochzeit, Trauredner, Hochzeitsredner, Erneuerung des Eheversprechens, Willkommensfeier, Freie Hochzeitszermonie, Freier Redner","potentialAction":[{"@type":"SearchAction","target":{"@type":"EntryPoint","urlTemplate":"https:\/\/ihr-redner.at\/?s={search_term_string}"},"query-input":{"@type":"PropertyValueSpecification","valueRequired":true,"valueName":"search_term_string"}}],"inLanguage":"de"},{"@type":"Organization","@id":"https:\/\/ihr-redner.at\/#organization","name":"Ihr Redner - Erwin Eisenschin","url":"https:\/\/ihr-redner.at\/","logo":{"@type":"ImageObject","inLanguage":"de","@id":"https:\/\/ihr-redner.at\/#\/schema\/logo\/image\/","url":"https:\/\/ihr-redner.at\/wp-content\/uploads\/2021\/10\/mstile-310x310-1.png","contentUrl":"https:\/\/ihr-redner.at\/wp-content\/uploads\/2021\/10\/mstile-310x310-1.png","width":310,"height":310,"caption":"Ihr Redner - Erwin Eisenschin"},"image":{"@id":"https:\/\/ihr-redner.at\/#\/schema\/logo\/image\/"},"sameAs":["https:\/\/www.facebook.com\/ihrredner","https:\/\/www.youtube.com\/channel\/UCYlEtcoCTppm_l7bnd35FFQ\/featured","https:\/\/www.instagram.com\/ihr_redner_erwin_eisenschin\/?hl=de"]}]}},"_links":{"self":[{"href":"https:\/\/ihr-redner.at\/index.php\/wp-json\/wp\/v2\/pages\/1527","targetHints":{"allow":["GET"]}}],"collection":[{"href":"https:\/\/ihr-redner.at\/index.php\/wp-json\/wp\/v2\/pages"}],"about":[{"href":"https:\/\/ihr-redner.at\/index.php\/wp-json\/wp\/v2\/types\/page"}],"author":[{"embeddable":true,"href":"https:\/\/ihr-redner.at\/index.php\/wp-json\/wp\/v2\/users\/1"}],"replies":[{"embeddable":true,"href":"https:\/\/ihr-redner.at\/index.php\/wp-json\/wp\/v2\/comments?post=1527"}],"version-history":[{"count":41,"href":"https:\/\/ihr-redner.at\/index.php\/wp-json\/wp\/v2\/pages\/1527\/revisions"}],"predecessor-version":[{"id":2460,"href":"https:\/\/ihr-redner.at\/index.php\/wp-json\/wp\/v2\/pages\/1527\/revisions\/2460"}],"wp:attachment":[{"href":"https:\/\/ihr-redner.at\/index.php\/wp-json\/wp\/v2\/media?parent=1527"}],"curies":[{"name":"wp","href":"https:\/\/api.w.org\/{rel}","templated":true}]}}